{"id":25,"date":"2024-10-09T15:41:03","date_gmt":"2024-10-09T15:41:03","guid":{"rendered":"https:\/\/festspieleburggutenberg.li\/?page_id=25"},"modified":"2025-04-25T13:36:45","modified_gmt":"2025-04-25T13:36:45","slug":"der-verein","status":"publish","type":"page","link":"https:\/\/festspieleburggutenberg.li\/index.php\/der-verein\/","title":{"rendered":"Der Verein"},"content":{"rendered":"\t\t<div data-elementor-type=\"wp-page\" data-elementor-id=\"25\" class=\"elementor elementor-25\">\n\t\t\t\t<div class=\"elementor-element elementor-element-6c71d035 e-flex e-con-boxed e-con e-parent\" data-id=\"6c71d035\" data-element_type=\"container\">\n\t\t\t\t\t<div class=\"e-con-inner\">\n\t\t<div class=\"elementor-element elementor-element-62d8642d e-con-full e-flex e-con e-child\" data-id=\"62d8642d\" data-element_type=\"container\">\n\t\t\t\t<div class=\"elementor-element elementor-element-3d1fa79 elementor-widget elementor-widget-image\" data-id=\"3d1fa79\" data-element_type=\"widget\" data-widget_type=\"image.default\">\n\t\t\t\t<div class=\"elementor-widget-container\">\n\t\t\t\t\t\t\t\t\t\t\t\t\t\t\t<img fetchpriority=\"high\" decoding=\"async\" width=\"705\" height=\"1024\" src=\"https:\/\/festspieleburggutenberg.li\/wp-content\/uploads\/2024\/10\/Jessica-705x1024.jpg\" class=\"attachment-large size-large wp-image-253\" alt=\"\" srcset=\"https:\/\/festspieleburggutenberg.li\/wp-content\/uploads\/2024\/10\/Jessica-705x1024.jpg 705w, https:\/\/festspieleburggutenberg.li\/wp-content\/uploads\/2024\/10\/Jessica-207x300.jpg 207w, https:\/\/festspieleburggutenberg.li\/wp-content\/uploads\/2024\/10\/Jessica-768x1115.jpg 768w, https:\/\/festspieleburggutenberg.li\/wp-content\/uploads\/2024\/10\/Jessica.jpg 891w\" sizes=\"(max-width: 705px) 100vw, 705px\" \/>\t\t\t\t\t\t\t\t\t\t\t\t\t\t\t<\/div>\n\t\t\t\t<\/div>\n\t\t\t\t<div class=\"elementor-element elementor-element-d4924b6 elementor-widget elementor-widget-image\" data-id=\"d4924b6\" data-element_type=\"widget\" data-widget_type=\"image.default\">\n\t\t\t\t<div class=\"elementor-widget-container\">\n\t\t\t\t\t\t\t\t\t\t\t\t\t\t\t<img decoding=\"async\" width=\"586\" height=\"516\" src=\"https:\/\/festspieleburggutenberg.li\/wp-content\/uploads\/2024\/10\/Aufbau.webp\" class=\"attachment-large size-large wp-image-258\" alt=\"\" srcset=\"https:\/\/festspieleburggutenberg.li\/wp-content\/uploads\/2024\/10\/Aufbau.webp 586w, https:\/\/festspieleburggutenberg.li\/wp-content\/uploads\/2024\/10\/Aufbau-300x264.webp 300w\" sizes=\"(max-width: 586px) 100vw, 586px\" \/>\t\t\t\t\t\t\t\t\t\t\t\t\t\t\t<\/div>\n\t\t\t\t<\/div>\n\t\t\t\t<div class=\"elementor-element elementor-element-2a5066b elementor-widget elementor-widget-image\" data-id=\"2a5066b\" data-element_type=\"widget\" data-widget_type=\"image.default\">\n\t\t\t\t<div class=\"elementor-widget-container\">\n\t\t\t\t\t\t\t\t\t\t\t\t\t\t\t<img decoding=\"async\" width=\"800\" height=\"773\" src=\"https:\/\/festspieleburggutenberg.li\/wp-content\/uploads\/2024\/10\/Aandy-1024x990.jpg\" class=\"attachment-large size-large wp-image-255\" alt=\"\" srcset=\"https:\/\/festspieleburggutenberg.li\/wp-content\/uploads\/2024\/10\/Aandy-1024x990.jpg 1024w, https:\/\/festspieleburggutenberg.li\/wp-content\/uploads\/2024\/10\/Aandy-300x290.jpg 300w, https:\/\/festspieleburggutenberg.li\/wp-content\/uploads\/2024\/10\/Aandy-768x743.jpg 768w, https:\/\/festspieleburggutenberg.li\/wp-content\/uploads\/2024\/10\/Aandy.jpg 1391w\" sizes=\"(max-width: 800px) 100vw, 800px\" \/>\t\t\t\t\t\t\t\t\t\t\t\t\t\t\t<\/div>\n\t\t\t\t<\/div>\n\t\t\t\t<div class=\"elementor-element elementor-element-177d8e3 elementor-widget elementor-widget-image\" data-id=\"177d8e3\" data-element_type=\"widget\" data-widget_type=\"image.default\">\n\t\t\t\t<div class=\"elementor-widget-container\">\n\t\t\t\t\t\t\t\t\t\t\t\t\t\t\t<img loading=\"lazy\" decoding=\"async\" width=\"800\" height=\"948\" src=\"https:\/\/festspieleburggutenberg.li\/wp-content\/uploads\/2024\/10\/David-864x1024.jpg\" class=\"attachment-large size-large wp-image-256\" alt=\"\" srcset=\"https:\/\/festspieleburggutenberg.li\/wp-content\/uploads\/2024\/10\/David-864x1024.jpg 864w, https:\/\/festspieleburggutenberg.li\/wp-content\/uploads\/2024\/10\/David-253x300.jpg 253w, https:\/\/festspieleburggutenberg.li\/wp-content\/uploads\/2024\/10\/David-768x910.jpg 768w, https:\/\/festspieleburggutenberg.li\/wp-content\/uploads\/2024\/10\/David-1296x1536.jpg 1296w, https:\/\/festspieleburggutenberg.li\/wp-content\/uploads\/2024\/10\/David.jpg 1330w\" sizes=\"(max-width: 800px) 100vw, 800px\" \/>\t\t\t\t\t\t\t\t\t\t\t\t\t\t\t<\/div>\n\t\t\t\t<\/div>\n\t\t\t\t<div class=\"elementor-element elementor-element-e8f83c8 elementor-widget elementor-widget-image\" data-id=\"e8f83c8\" data-element_type=\"widget\" data-widget_type=\"image.default\">\n\t\t\t\t<div class=\"elementor-widget-container\">\n\t\t\t\t\t\t\t\t\t\t\t\t\t\t\t<img loading=\"lazy\" decoding=\"async\" width=\"589\" height=\"508\" src=\"https:\/\/festspieleburggutenberg.li\/wp-content\/uploads\/2024\/10\/Marcia.jpg\" class=\"attachment-large size-large wp-image-257\" alt=\"\" srcset=\"https:\/\/festspieleburggutenberg.li\/wp-content\/uploads\/2024\/10\/Marcia.jpg 589w, https:\/\/festspieleburggutenberg.li\/wp-content\/uploads\/2024\/10\/Marcia-300x259.jpg 300w\" sizes=\"(max-width: 589px) 100vw, 589px\" \/>\t\t\t\t\t\t\t\t\t\t\t\t\t\t\t<\/div>\n\t\t\t\t<\/div>\n\t\t\t\t<\/div>\n\t\t<div class=\"elementor-element elementor-element-bd79eba e-con-full e-flex e-con e-child\" data-id=\"bd79eba\" data-element_type=\"container\">\n\t\t\t\t<div class=\"elementor-element elementor-element-79b856f3 elementor-widget elementor-widget-heading\" data-id=\"79b856f3\" data-element_type=\"widget\" data-widget_type=\"heading.default\">\n\t\t\t\t<div class=\"elementor-widget-container\">\n\t\t\t\t\t<h2 class=\"elementor-heading-title elementor-size-default\">Verein \"Festspiele Burg Gutenberg\"<\/h2>\t\t\t\t<\/div>\n\t\t\t\t<\/div>\n\t\t<div class=\"elementor-element elementor-element-e3dd92c e-con-full e-flex e-con e-child\" data-id=\"e3dd92c\" data-element_type=\"container\">\n\t\t<div class=\"elementor-element elementor-element-8188816 e-con-full e-flex e-con e-child\" data-id=\"8188816\" data-element_type=\"container\">\n\t\t\t\t<div class=\"elementor-element elementor-element-4411f265 elementor-widget__width-initial elementor-widget elementor-widget-text-editor\" data-id=\"4411f265\" data-element_type=\"widget\" data-widget_type=\"text-editor.default\">\n\t\t\t\t<div class=\"elementor-widget-container\">\n\t\t\t\t\t\t\t\t\t<p style=\"font-weight: 400;\"><strong>Zweck des Vereins<\/strong><\/p><p style=\"font-weight: 400;\"><strong><br><\/strong><\/p>\n<p style=\"font-weight: 400;\">Der Verein schrieb sich in die Statuten, dass er regelm\u00e4ssig auf der Burg Gutenberg eine hochstehende Theaterauff\u00fchrung veranstaltet und dabei sowohl Profis sowie ge\u00fcbten Laiendarstellern eine Auftrittsm\u00f6glichkeit bietet.<\/p>\n<p style=\"font-weight: 400;\">Geplant ist ein Wechsel der St\u00fccke im Zweijahres-rhythmus.&nbsp;<\/p>\n<p style=\"font-weight: 400;\">Ziel ist es, die Festspiele Burg Gutenberg als Ort der&nbsp;k\u00fcnstlerischen Inspiration und als Theaterraum zu etablieren.<\/p>\n<p style=\"font-weight: 400;\">Wir hoffen, dass sich die Festspiele auf Burg Gutenberg zu einem weit \u00fcber die Region&nbsp;hinausreichenden Event und zu einem weiteren wertvollen Beitrag im Kulturleben der Gemeinde&nbsp;Balzers und der ganzen Region entwickeln.&nbsp;<\/p>\n<p style=\"font-weight: 400;\">Das soll auch langfristige Engagements von Sponsoren&nbsp;erm\u00f6glichen.<\/p>\n<p>Dominik Frick<\/p>\n<p>Pr\u00e4sident<\/p>\t\t\t\t\t\t\t\t<\/div>\n\t\t\t\t<\/div>\n\t\t\t\t<\/div>\n\t\t\t\t<\/div>\n\t\t\t\t<div class=\"elementor-element elementor-element-10148a3 elementor-widget-divider--view-line elementor-widget elementor-widget-divider\" data-id=\"10148a3\" data-element_type=\"widget\" data-widget_type=\"divider.default\">\n\t\t\t\t<div class=\"elementor-widget-container\">\n\t\t\t\t\t\t\t<div class=\"elementor-divider\">\n\t\t\t<span class=\"elementor-divider-separator\">\n\t\t\t\t\t\t<\/span>\n\t\t<\/div>\n\t\t\t\t\t\t<\/div>\n\t\t\t\t<\/div>\n\t\t\t\t<div class=\"elementor-element elementor-element-8768d00 elementor-widget elementor-widget-text-editor\" data-id=\"8768d00\" data-element_type=\"widget\" data-widget_type=\"text-editor.default\">\n\t\t\t\t<div class=\"elementor-widget-container\">\n\t\t\t\t\t\t\t\t\t<p><strong>Der Vorstand\u00a0<\/strong><\/p><p>Der Vorstand wir jedes Jahr an der GV best\u00e4tigt oder neu gew\u00e4hlt.<\/p><p>Aktuell setzt er sich aus folgenden Personen zusammen.\u00a0<\/p>\t\t\t\t\t\t\t\t<\/div>\n\t\t\t\t<\/div>\n\t\t\t\t<div class=\"elementor-element elementor-element-3da62f5 elementor-widget elementor-widget-n-accordion\" data-id=\"3da62f5\" data-element_type=\"widget\" data-settings=\"{&quot;default_state&quot;:&quot;expanded&quot;,&quot;max_items_expended&quot;:&quot;one&quot;,&quot;n_accordion_animation_duration&quot;:{&quot;unit&quot;:&quot;ms&quot;,&quot;size&quot;:400,&quot;sizes&quot;:[]}}\" data-widget_type=\"nested-accordion.default\">\n\t\t\t\t<div class=\"elementor-widget-container\">\n\t\t\t\t\t\t\t<div class=\"e-n-accordion\" aria-label=\"Accordion. Open links with Enter or Space, close with Escape, and navigate with Arrow Keys\">\n\t\t\t\t\t\t<details id=\"e-n-accordion-item-6460\" class=\"e-n-accordion-item\" open>\n\t\t\t\t<summary class=\"e-n-accordion-item-title\" data-accordion-index=\"1\" tabindex=\"0\" aria-expanded=\"true\" aria-controls=\"e-n-accordion-item-6460\" >\n\t\t\t\t\t<span class='e-n-accordion-item-title-header'><div class=\"e-n-accordion-item-title-text\"> Pr\u00e4sident - Dominik Frick <\/div><\/span>\n\t\t\t\t\t\t\t<span class='e-n-accordion-item-title-icon'>\n\t\t\t<span class='e-opened' ><svg aria-hidden=\"true\" class=\"e-font-icon-svg e-fas-minus\" viewBox=\"0 0 448 512\" xmlns=\"http:\/\/www.w3.org\/2000\/svg\"><path d=\"M416 208H32c-17.67 0-32 14.33-32 32v32c0 17.67 14.33 32 32 32h384c17.67 0 32-14.33 32-32v-32c0-17.67-14.33-32-32-32z\"><\/path><\/svg><\/span>\n\t\t\t<span class='e-closed'><svg aria-hidden=\"true\" class=\"e-font-icon-svg e-fas-plus\" viewBox=\"0 0 448 512\" xmlns=\"http:\/\/www.w3.org\/2000\/svg\"><path d=\"M416 208H272V64c0-17.67-14.33-32-32-32h-32c-17.67 0-32 14.33-32 32v144H32c-17.67 0-32 14.33-32 32v32c0 17.67 14.33 32 32 32h144v144c0 17.67 14.33 32 32 32h32c17.67 0 32-14.33 32-32V304h144c17.67 0 32-14.33 32-32v-32c0-17.67-14.33-32-32-32z\"><\/path><\/svg><\/span>\n\t\t<\/span>\n\n\t\t\t\t\t\t<\/summary>\n\t\t\t\t<div role=\"region\" aria-labelledby=\"e-n-accordion-item-6460\" class=\"elementor-element elementor-element-bcd48af e-con-full e-flex e-con e-child\" data-id=\"bcd48af\" data-element_type=\"container\">\n\t\t<div role=\"region\" aria-labelledby=\"e-n-accordion-item-6460\" class=\"elementor-element elementor-element-7202909 e-flex e-con-boxed e-con e-child\" data-id=\"7202909\" data-element_type=\"container\">\n\t\t\t\t\t<div class=\"e-con-inner\">\n\t\t\t\t<div class=\"elementor-element elementor-element-bd473ab elementor-widget__width-initial elementor-widget elementor-widget-text-editor\" data-id=\"bd473ab\" data-element_type=\"widget\" data-widget_type=\"text-editor.default\">\n\t\t\t\t<div class=\"elementor-widget-container\">\n\t\t\t\t\t\t\t\t\t<p>Dominik Frick<\/p><p>dominik.frick@burggutenberg.li<\/p><p>\u00a0<\/p><p>\u00a0<\/p><p>Dominik ist Gr\u00fcndungsmitglied und ist einer der Initiatoren der Festspiele.<\/p><p>Dominik ist Ansprechpartner f\u00fcr die Kulturstiftung und die Sponsoren<\/p><p>Er f\u00fchrt den Verein und leitet die Sitzungen<\/p>\t\t\t\t\t\t\t\t<\/div>\n\t\t\t\t<\/div>\n\t\t\t\t<div class=\"elementor-element elementor-element-2959d9c elementor-widget elementor-widget-image\" data-id=\"2959d9c\" data-element_type=\"widget\" data-widget_type=\"image.default\">\n\t\t\t\t<div class=\"elementor-widget-container\">\n\t\t\t\t\t\t\t\t\t\t\t\t\t\t\t<img loading=\"lazy\" decoding=\"async\" width=\"800\" height=\"863\" src=\"https:\/\/festspieleburggutenberg.li\/wp-content\/uploads\/2024\/10\/Domink2-949x1024.jpg\" class=\"attachment-large size-large wp-image-214\" alt=\"\" srcset=\"https:\/\/festspieleburggutenberg.li\/wp-content\/uploads\/2024\/10\/Domink2-949x1024.jpg 949w, https:\/\/festspieleburggutenberg.li\/wp-content\/uploads\/2024\/10\/Domink2-278x300.jpg 278w, https:\/\/festspieleburggutenberg.li\/wp-content\/uploads\/2024\/10\/Domink2-768x829.jpg 768w, https:\/\/festspieleburggutenberg.li\/wp-content\/uploads\/2024\/10\/Domink2.jpg 1002w\" sizes=\"(max-width: 800px) 100vw, 800px\" \/>\t\t\t\t\t\t\t\t\t\t\t\t\t\t\t<\/div>\n\t\t\t\t<\/div>\n\t\t\t\t\t<\/div>\n\t\t\t\t<\/div>\n\t\t\t\t<\/div>\n\t\t\t\t\t<\/details>\n\t\t\t\t\t\t<details id=\"e-n-accordion-item-6461\" class=\"e-n-accordion-item\" >\n\t\t\t\t<summary class=\"e-n-accordion-item-title\" data-accordion-index=\"2\" tabindex=\"-1\" aria-expanded=\"false\" aria-controls=\"e-n-accordion-item-6461\" >\n\t\t\t\t\t<span class='e-n-accordion-item-title-header'><div class=\"e-n-accordion-item-title-text\"> Vizepr\u00e4sident und Kassier - Thomas Hassler <\/div><\/span>\n\t\t\t\t\t\t\t<span class='e-n-accordion-item-title-icon'>\n\t\t\t<span class='e-opened' ><svg aria-hidden=\"true\" class=\"e-font-icon-svg e-fas-minus\" viewBox=\"0 0 448 512\" xmlns=\"http:\/\/www.w3.org\/2000\/svg\"><path d=\"M416 208H32c-17.67 0-32 14.33-32 32v32c0 17.67 14.33 32 32 32h384c17.67 0 32-14.33 32-32v-32c0-17.67-14.33-32-32-32z\"><\/path><\/svg><\/span>\n\t\t\t<span class='e-closed'><svg aria-hidden=\"true\" class=\"e-font-icon-svg e-fas-plus\" viewBox=\"0 0 448 512\" xmlns=\"http:\/\/www.w3.org\/2000\/svg\"><path d=\"M416 208H272V64c0-17.67-14.33-32-32-32h-32c-17.67 0-32 14.33-32 32v144H32c-17.67 0-32 14.33-32 32v32c0 17.67 14.33 32 32 32h144v144c0 17.67 14.33 32 32 32h32c17.67 0 32-14.33 32-32V304h144c17.67 0 32-14.33 32-32v-32c0-17.67-14.33-32-32-32z\"><\/path><\/svg><\/span>\n\t\t<\/span>\n\n\t\t\t\t\t\t<\/summary>\n\t\t\t\t<div role=\"region\" aria-labelledby=\"e-n-accordion-item-6461\" class=\"elementor-element elementor-element-306f153 e-con-full e-flex e-con e-child\" data-id=\"306f153\" data-element_type=\"container\">\n\t\t<div role=\"region\" aria-labelledby=\"e-n-accordion-item-6461\" class=\"elementor-element elementor-element-9ba0962 e-flex e-con-boxed e-con e-child\" data-id=\"9ba0962\" data-element_type=\"container\">\n\t\t\t\t\t<div class=\"e-con-inner\">\n\t\t\t\t<div class=\"elementor-element elementor-element-d4bd452 elementor-widget__width-initial elementor-widget elementor-widget-text-editor\" data-id=\"d4bd452\" data-element_type=\"widget\" data-widget_type=\"text-editor.default\">\n\t\t\t\t<div class=\"elementor-widget-container\">\n\t\t\t\t\t\t\t\t\t<p>Thomas Hassler<\/p><p><span style=\"font-family: var( --e-global-typography-text-font-family ), Sans-serif; font-size: var( --e-global-typography-text-font-size ); text-align: var(--text-align);\">thomas.hassler@burggutenberg.li<\/span><\/p><p><span style=\"font-family: var( --e-global-typography-text-font-family ), Sans-serif; font-size: var( --e-global-typography-text-font-size ); text-align: var(--text-align);\">\u00a0<\/span><\/p><p>\u00a0<\/p><p>Gr\u00fcndungsmitglied, Kassier und Verantwortlicher f\u00fcr den Webauftritt und alle organisatorischen Belange.<\/p><p>Zudem stand Thomas bei allen Produktionen auch auf der B\u00fchne.<\/p><p>\u00a0<\/p>\t\t\t\t\t\t\t\t<\/div>\n\t\t\t\t<\/div>\n\t\t\t\t<div class=\"elementor-element elementor-element-5ab5538 elementor-widget elementor-widget-image\" data-id=\"5ab5538\" data-element_type=\"widget\" data-widget_type=\"image.default\">\n\t\t\t\t<div class=\"elementor-widget-container\">\n\t\t\t\t\t\t\t\t\t\t\t\t\t\t\t<img loading=\"lazy\" decoding=\"async\" width=\"647\" height=\"734\" src=\"https:\/\/festspieleburggutenberg.li\/wp-content\/uploads\/2024\/10\/Thomas-Probe.jpg\" class=\"attachment-large size-large wp-image-237\" alt=\"\" srcset=\"https:\/\/festspieleburggutenberg.li\/wp-content\/uploads\/2024\/10\/Thomas-Probe.jpg 647w, https:\/\/festspieleburggutenberg.li\/wp-content\/uploads\/2024\/10\/Thomas-Probe-264x300.jpg 264w\" sizes=\"(max-width: 647px) 100vw, 647px\" \/>\t\t\t\t\t\t\t\t\t\t\t\t\t\t\t<\/div>\n\t\t\t\t<\/div>\n\t\t\t\t\t<\/div>\n\t\t\t\t<\/div>\n\t\t\t\t<\/div>\n\t\t\t\t\t<\/details>\n\t\t\t\t\t\t<details id=\"e-n-accordion-item-6462\" class=\"e-n-accordion-item\" >\n\t\t\t\t<summary class=\"e-n-accordion-item-title\" data-accordion-index=\"3\" tabindex=\"-1\" aria-expanded=\"false\" aria-controls=\"e-n-accordion-item-6462\" >\n\t\t\t\t\t<span class='e-n-accordion-item-title-header'><div class=\"e-n-accordion-item-title-text\"> k\u00fcnstlerischer Leiter - Nikolaus B\u00fcchel <\/div><\/span>\n\t\t\t\t\t\t\t<span class='e-n-accordion-item-title-icon'>\n\t\t\t<span class='e-opened' ><svg aria-hidden=\"true\" class=\"e-font-icon-svg e-fas-minus\" viewBox=\"0 0 448 512\" xmlns=\"http:\/\/www.w3.org\/2000\/svg\"><path d=\"M416 208H32c-17.67 0-32 14.33-32 32v32c0 17.67 14.33 32 32 32h384c17.67 0 32-14.33 32-32v-32c0-17.67-14.33-32-32-32z\"><\/path><\/svg><\/span>\n\t\t\t<span class='e-closed'><svg aria-hidden=\"true\" class=\"e-font-icon-svg e-fas-plus\" viewBox=\"0 0 448 512\" xmlns=\"http:\/\/www.w3.org\/2000\/svg\"><path d=\"M416 208H272V64c0-17.67-14.33-32-32-32h-32c-17.67 0-32 14.33-32 32v144H32c-17.67 0-32 14.33-32 32v32c0 17.67 14.33 32 32 32h144v144c0 17.67 14.33 32 32 32h32c17.67 0 32-14.33 32-32V304h144c17.67 0 32-14.33 32-32v-32c0-17.67-14.33-32-32-32z\"><\/path><\/svg><\/span>\n\t\t<\/span>\n\n\t\t\t\t\t\t<\/summary>\n\t\t\t\t<div role=\"region\" aria-labelledby=\"e-n-accordion-item-6462\" class=\"elementor-element elementor-element-526e560 e-con-full e-flex e-con e-child\" data-id=\"526e560\" data-element_type=\"container\">\n\t\t<div role=\"region\" aria-labelledby=\"e-n-accordion-item-6462\" class=\"elementor-element elementor-element-bd519e0 e-flex e-con-boxed e-con e-child\" data-id=\"bd519e0\" data-element_type=\"container\">\n\t\t\t\t\t<div class=\"e-con-inner\">\n\t\t\t\t<div class=\"elementor-element elementor-element-7be2b2c elementor-widget__width-initial elementor-widget elementor-widget-text-editor\" data-id=\"7be2b2c\" data-element_type=\"widget\" data-widget_type=\"text-editor.default\">\n\t\t\t\t<div class=\"elementor-widget-container\">\n\t\t\t\t\t\t\t\t\t<p>Nikolaus B\u00fcchel<\/p><p>nikolaus.buechel@burggutenberg.li<\/p><p>\u00a0<\/p><p>Nikolaus ist Gr\u00fcndungsmitglied und Initiator der Festspiele.<\/p><p>Er vertritt den Verein als Delegierter im Tr\u00e4gerverein Burg Gutenberg.<\/p><p>Nikolaus ist k\u00fcnstlerischer Leiter und f\u00fchrte bisher bei allen Produktionen Regie.<\/p>\t\t\t\t\t\t\t\t<\/div>\n\t\t\t\t<\/div>\n\t\t\t\t<div class=\"elementor-element elementor-element-8abf9bb elementor-widget elementor-widget-image\" data-id=\"8abf9bb\" data-element_type=\"widget\" data-widget_type=\"image.default\">\n\t\t\t\t<div class=\"elementor-widget-container\">\n\t\t\t\t\t\t\t\t\t\t\t\t\t\t\t<img loading=\"lazy\" decoding=\"async\" width=\"800\" height=\"889\" src=\"https:\/\/festspieleburggutenberg.li\/wp-content\/uploads\/2024\/10\/Niko.jpg\" class=\"attachment-large size-large wp-image-242\" alt=\"\" srcset=\"https:\/\/festspieleburggutenberg.li\/wp-content\/uploads\/2024\/10\/Niko.jpg 880w, https:\/\/festspieleburggutenberg.li\/wp-content\/uploads\/2024\/10\/Niko-270x300.jpg 270w, https:\/\/festspieleburggutenberg.li\/wp-content\/uploads\/2024\/10\/Niko-768x854.jpg 768w\" sizes=\"(max-width: 800px) 100vw, 800px\" \/>\t\t\t\t\t\t\t\t\t\t\t\t\t\t\t<\/div>\n\t\t\t\t<\/div>\n\t\t\t\t\t<\/div>\n\t\t\t\t<\/div>\n\t\t\t\t<\/div>\n\t\t\t\t\t<\/details>\n\t\t\t\t\t\t<details id=\"e-n-accordion-item-6463\" class=\"e-n-accordion-item\" >\n\t\t\t\t<summary class=\"e-n-accordion-item-title\" data-accordion-index=\"4\" tabindex=\"-1\" aria-expanded=\"false\" aria-controls=\"e-n-accordion-item-6463\" >\n\t\t\t\t\t<span class='e-n-accordion-item-title-header'><div class=\"e-n-accordion-item-title-text\"> Beisitz - Tamara Kaufmann <\/div><\/span>\n\t\t\t\t\t\t\t<span class='e-n-accordion-item-title-icon'>\n\t\t\t<span class='e-opened' ><svg aria-hidden=\"true\" class=\"e-font-icon-svg e-fas-minus\" viewBox=\"0 0 448 512\" xmlns=\"http:\/\/www.w3.org\/2000\/svg\"><path d=\"M416 208H32c-17.67 0-32 14.33-32 32v32c0 17.67 14.33 32 32 32h384c17.67 0 32-14.33 32-32v-32c0-17.67-14.33-32-32-32z\"><\/path><\/svg><\/span>\n\t\t\t<span class='e-closed'><svg aria-hidden=\"true\" class=\"e-font-icon-svg e-fas-plus\" viewBox=\"0 0 448 512\" xmlns=\"http:\/\/www.w3.org\/2000\/svg\"><path d=\"M416 208H272V64c0-17.67-14.33-32-32-32h-32c-17.67 0-32 14.33-32 32v144H32c-17.67 0-32 14.33-32 32v32c0 17.67 14.33 32 32 32h144v144c0 17.67 14.33 32 32 32h32c17.67 0 32-14.33 32-32V304h144c17.67 0 32-14.33 32-32v-32c0-17.67-14.33-32-32-32z\"><\/path><\/svg><\/span>\n\t\t<\/span>\n\n\t\t\t\t\t\t<\/summary>\n\t\t\t\t<div role=\"region\" aria-labelledby=\"e-n-accordion-item-6463\" class=\"elementor-element elementor-element-53bc718 e-flex e-con-boxed e-con e-child\" data-id=\"53bc718\" data-element_type=\"container\">\n\t\t\t\t\t<div class=\"e-con-inner\">\n\t\t<div role=\"region\" aria-labelledby=\"e-n-accordion-item-6463\" class=\"elementor-element elementor-element-7e317c3 e-con-full e-flex e-con e-child\" data-id=\"7e317c3\" data-element_type=\"container\">\n\t\t\t\t<div class=\"elementor-element elementor-element-9166031 elementor-widget elementor-widget-text-editor\" data-id=\"9166031\" data-element_type=\"widget\" data-widget_type=\"text-editor.default\">\n\t\t\t\t<div class=\"elementor-widget-container\">\n\t\t\t\t\t\t\t\t\t<p>Tamara Kaufmann<\/p><p>tamara.kaufmann@burggutenberg.li<\/p><p>\u00a0<\/p><p>\u00a0<\/p><p>Seit 2020 im Vorstand als Beisitzerin.<\/p>\t\t\t\t\t\t\t\t<\/div>\n\t\t\t\t<\/div>\n\t\t\t\t<div class=\"elementor-element elementor-element-68304b8 elementor-widget__width-initial elementor-widget elementor-widget-image\" data-id=\"68304b8\" data-element_type=\"widget\" data-widget_type=\"image.default\">\n\t\t\t\t<div class=\"elementor-widget-container\">\n\t\t\t\t\t\t\t\t\t\t\t\t\t\t\t<img loading=\"lazy\" decoding=\"async\" width=\"504\" height=\"540\" src=\"https:\/\/festspieleburggutenberg.li\/wp-content\/uploads\/2024\/10\/Tamara.jpg\" class=\"attachment-large size-large wp-image-235\" alt=\"\" srcset=\"https:\/\/festspieleburggutenberg.li\/wp-content\/uploads\/2024\/10\/Tamara.jpg 504w, https:\/\/festspieleburggutenberg.li\/wp-content\/uploads\/2024\/10\/Tamara-280x300.jpg 280w\" sizes=\"(max-width: 504px) 100vw, 504px\" \/>\t\t\t\t\t\t\t\t\t\t\t\t\t\t\t<\/div>\n\t\t\t\t<\/div>\n\t\t\t\t<\/div>\n\t\t\t\t\t<\/div>\n\t\t\t\t<\/div>\n\t\t\t\t\t<\/details>\n\t\t\t\t\t\t<details id=\"e-n-accordion-item-6464\" class=\"e-n-accordion-item\" >\n\t\t\t\t<summary class=\"e-n-accordion-item-title\" data-accordion-index=\"5\" tabindex=\"-1\" aria-expanded=\"false\" aria-controls=\"e-n-accordion-item-6464\" >\n\t\t\t\t\t<span class='e-n-accordion-item-title-header'><div class=\"e-n-accordion-item-title-text\"> Beisitz - Medienarbeit. - Philipp Vogt <\/div><\/span>\n\t\t\t\t\t\t\t<span class='e-n-accordion-item-title-icon'>\n\t\t\t<span class='e-opened' ><svg aria-hidden=\"true\" class=\"e-font-icon-svg e-fas-minus\" viewBox=\"0 0 448 512\" xmlns=\"http:\/\/www.w3.org\/2000\/svg\"><path d=\"M416 208H32c-17.67 0-32 14.33-32 32v32c0 17.67 14.33 32 32 32h384c17.67 0 32-14.33 32-32v-32c0-17.67-14.33-32-32-32z\"><\/path><\/svg><\/span>\n\t\t\t<span class='e-closed'><svg aria-hidden=\"true\" class=\"e-font-icon-svg e-fas-plus\" viewBox=\"0 0 448 512\" xmlns=\"http:\/\/www.w3.org\/2000\/svg\"><path d=\"M416 208H272V64c0-17.67-14.33-32-32-32h-32c-17.67 0-32 14.33-32 32v144H32c-17.67 0-32 14.33-32 32v32c0 17.67 14.33 32 32 32h144v144c0 17.67 14.33 32 32 32h32c17.67 0 32-14.33 32-32V304h144c17.67 0 32-14.33 32-32v-32c0-17.67-14.33-32-32-32z\"><\/path><\/svg><\/span>\n\t\t<\/span>\n\n\t\t\t\t\t\t<\/summary>\n\t\t\t\t<div role=\"region\" aria-labelledby=\"e-n-accordion-item-6464\" class=\"elementor-element elementor-element-780e433 e-flex e-con-boxed e-con e-child\" data-id=\"780e433\" data-element_type=\"container\">\n\t\t\t\t\t<div class=\"e-con-inner\">\n\t\t<div role=\"region\" aria-labelledby=\"e-n-accordion-item-6464\" class=\"elementor-element elementor-element-3168844 e-con-full e-flex e-con e-child\" data-id=\"3168844\" data-element_type=\"container\">\n\t\t\t\t<div class=\"elementor-element elementor-element-21e51ac elementor-widget__width-initial elementor-widget elementor-widget-text-editor\" data-id=\"21e51ac\" data-element_type=\"widget\" data-widget_type=\"text-editor.default\">\n\t\t\t\t<div class=\"elementor-widget-container\">\n\t\t\t\t\t\t\t\t\t<p>Philipp Vogt<\/p><p>philipp.vogt@burggutenberg.li<\/p><p>\u00a0<\/p><p>\u00a0<\/p><p>Philipp ist Gr\u00fcndungsmitglied und k\u00fcmmert sich um die Drucksachen, vom Entwurf bis zum Druck.<\/p>\t\t\t\t\t\t\t\t<\/div>\n\t\t\t\t<\/div>\n\t\t\t\t<div class=\"elementor-element elementor-element-561dd71 elementor-widget elementor-widget-image\" data-id=\"561dd71\" data-element_type=\"widget\" data-widget_type=\"image.default\">\n\t\t\t\t<div class=\"elementor-widget-container\">\n\t\t\t\t\t\t\t\t\t\t\t\t\t\t\t<img decoding=\"async\" src=\"https:\/\/festspieleburggutenberg.li\/wp-content\/plugins\/elementor\/assets\/images\/placeholder.png\" title=\"\" alt=\"\" loading=\"lazy\" \/>\t\t\t\t\t\t\t\t\t\t\t\t\t\t\t<\/div>\n\t\t\t\t<\/div>\n\t\t\t\t<\/div>\n\t\t\t\t\t<\/div>\n\t\t\t\t<\/div>\n\t\t\t\t\t<\/details>\n\t\t\t\t\t<\/div>\n\t\t\t\t\t\t<\/div>\n\t\t\t\t<\/div>\n\t\t\t\t<div class=\"elementor-element elementor-element-25e7166 elementor-widget-divider--view-line elementor-widget elementor-widget-divider\" data-id=\"25e7166\" data-element_type=\"widget\" data-widget_type=\"divider.default\">\n\t\t\t\t<div class=\"elementor-widget-container\">\n\t\t\t\t\t\t\t<div class=\"elementor-divider\">\n\t\t\t<span class=\"elementor-divider-separator\">\n\t\t\t\t\t\t<\/span>\n\t\t<\/div>\n\t\t\t\t\t\t<\/div>\n\t\t\t\t<\/div>\n\t\t\t\t<\/div>\n\t\t\t\t\t<\/div>\n\t\t\t\t<\/div>\n\t\t\t\t<\/div>\n\t\t","protected":false},"excerpt":{"rendered":"<p>Verein &#8222;Festspiele Burg Gutenberg&#8220; Zweck des Vereins Der Verein schrieb sich in die Statuten, dass er regelm\u00e4ssig auf der Burg Gutenberg eine hochstehende Theaterauff\u00fchrung veranstaltet und dabei sowohl Profis sowie ge\u00fcbten Laiendarstellern eine Auftrittsm\u00f6glichkeit bietet. Geplant ist ein Wechsel der St\u00fccke im Zweijahres-rhythmus.&nbsp; Ziel ist es, die Festspiele Burg Gutenberg als Ort der&nbsp;k\u00fcnstlerischen Inspiration und [&hellip;]<\/p>\n","protected":false},"author":1,"featured_media":0,"parent":0,"menu_order":0,"comment_status":"closed","ping_status":"closed","template":"","meta":{"footnotes":""},"class_list":["post-25","page","type-page","status-publish","hentry"],"_links":{"self":[{"href":"https:\/\/festspieleburggutenberg.li\/index.php\/wp-json\/wp\/v2\/pages\/25","targetHints":{"allow":["GET"]}}],"collection":[{"href":"https:\/\/festspieleburggutenberg.li\/index.php\/wp-json\/wp\/v2\/pages"}],"about":[{"href":"https:\/\/festspieleburggutenberg.li\/index.php\/wp-json\/wp\/v2\/types\/page"}],"author":[{"embeddable":true,"href":"https:\/\/festspieleburggutenberg.li\/index.php\/wp-json\/wp\/v2\/users\/1"}],"replies":[{"embeddable":true,"href":"https:\/\/festspieleburggutenberg.li\/index.php\/wp-json\/wp\/v2\/comments?post=25"}],"version-history":[{"count":68,"href":"https:\/\/festspieleburggutenberg.li\/index.php\/wp-json\/wp\/v2\/pages\/25\/revisions"}],"predecessor-version":[{"id":1032,"href":"https:\/\/festspieleburggutenberg.li\/index.php\/wp-json\/wp\/v2\/pages\/25\/revisions\/1032"}],"wp:attachment":[{"href":"https:\/\/festspieleburggutenberg.li\/index.php\/wp-json\/wp\/v2\/media?parent=25"}],"curies":[{"name":"wp","href":"https:\/\/api.w.org\/{rel}","templated":true}]}}